{"id":263,"date":"2020-12-11T16:54:35","date_gmt":"2020-12-11T16:54:35","guid":{"rendered":"https:\/\/xn--gailtaleralmkse-dlb.at\/?post_type=product&#038;p=263"},"modified":"2020-12-11T16:54:35","modified_gmt":"2020-12-11T16:54:35","slug":"hausgemachter-schinkenspeck","status":"publish","type":"product","link":"https:\/\/xn--gailtaleralmkse-dlb.at\/index.php\/product\/hausgemachter-schinkenspeck\/","title":{"rendered":"Hausgemachter Schinkenspeck"},"content":{"rendered":"<p><span style=\"display: inline !important; float: none; background-color: transparent; color: #333333; font-family: 'Open Sans','Helvetica Neue',Helvetica,Arial,sans-serif; font-size: 14px; font-style: normal; font-variant: normal; font-weight: 400; letter-spacing: normal; orphans: 2; text-align: left; text-decoration: none; text-indent: 0px; text-transform: none; -webkit-text-stroke-width: 0px; white-space: normal; word-spacing: 0px;\">Dieser hausgemachte Schinkenspeck wird aus ausgesuchten, mageren Schl\u00f6geln von gl\u00fccklichen Almschweinen hergestellt. Das Fleisch <\/span><span style=\"display: inline !important; float: none; background-color: transparent; color: #333333; font-family: 'Open Sans','Helvetica Neue',Helvetica,Arial,sans-serif; font-size: 14px; font-style: normal; font-variant: normal; font-weight: 400; letter-spacing: normal; orphans: 2; text-align: left; text-decoration: none; text-indent: 0px; text-transform: none; -webkit-text-stroke-width: 0px; white-space: normal; word-spacing: 0px;\">wird<br \/>\nnach altem Rezept veredelt, mit ausgew\u00e4hltem Buchenholz anhand eines Kaltr\u00e4ucherverfahrens ger\u00e4uchert und mit der einzigartigen Gailtaler Bergluft 6 Monate luftgetrocknet. Daraus entsteht ein aromatischer, w\u00fcrziger Schinkenspeck, der auf keiner Brettljause fehlen darf.<\/span><\/p>\n<p><span style=\"display: inline !important; float: none; background-color: transparent; color: #333333; font-family: 'Open Sans','Helvetica Neue',Helvetica,Arial,sans-serif; font-size: 14px; font-style: normal; font-variant: normal; font-weight: 400; letter-spacing: normal; orphans: 2; text-align: left; text-decoration: none; text-indent: 0px; text-transform: none; -webkit-text-stroke-width: 0px; white-space: normal; word-spacing: 0px;\"><strong>Zutaten<\/strong>: Schweinefleisch, Speisesalz, Zucker, nat\u00fcrliche Gew\u00fcrze (u.a. Wacholder, Knoblauch, Pfeffer), Buchenholzrauch.<\/span><\/p>\n<p><span style=\"display: inline !important; float: none; background-color: transparent; color: #333333; font-family: 'Open Sans','Helvetica Neue',Helvetica,Arial,sans-serif; font-size: 14px; font-style: normal; font-variant: normal; font-weight: 400; letter-spacing: normal; orphans: 2; text-align: left; text-decoration: none; text-indent: 0px; text-transform: none; -webkit-text-stroke-width: 0px; white-space: normal; word-spacing: 0px;\"><strong>Lieferung<\/strong>: Es handelt sich dabei um einen Wiegeartikel, das hei\u00dft, dass Sie nur das tats\u00e4chliche Gewicht zahlen. Ferner wird das Qualit\u00e4tsprodukt vakuumiert ausgeliefert<\/span><\/p>\n<p><span style=\"display: inline !important; float: none; background-color: transparent; color: #333333; font-family: 'Open Sans','Helvetica Neue',Helvetica,Arial,sans-serif; font-size: 14px; font-style: normal; font-variant: normal; font-weight: 400; letter-spacing: normal; orphans: 2; text-align: left; text-decoration: none; text-indent: 0px; text-transform: none; -webkit-text-stroke-width: 0px; white-space: normal; word-spacing: 0px;\"><strong>Lagerung und Haltbarkeit<\/strong>: Vor W\u00e4rme gesch\u00fctzt lagern. Nach dem \u00d6ffnen gek\u00fchlt lagern und alsbald verbrauchen.<\/span><\/p>\n","protected":false},"excerpt":{"rendered":"<p>Ger\u00e4ucherter Schinkenspeck, gew\u00fcrzt und gep\u00f6kelt nach alter \u00fcberlieferter Rezeptur.<\/p>\n","protected":false},"featured_media":264,"comment_status":"open","ping_status":"closed","template":"","meta":[],"product_cat":[80,37],"product_tag":[39,41,38,40,42],"yoast_head":"<!-- This site is optimized with the Yoast SEO plugin v17.9 - https:\/\/yoast.com\/wordpress\/plugins\/seo\/ -->\n<title>Hausgemachter Schinkenspeck - Gailtaler Bergladen<\/title>\n<meta name=\"robots\" content=\"index, follow, max-snippet:-1, max-image-preview:large, max-video-preview:-1\" \/>\n<link rel=\"canonical\" href=\"https:\/\/xn--gailtaleralmkse-dlb.at\/index.php\/product\/hausgemachter-schinkenspeck\/\" \/>\n<meta property=\"og:locale\" content=\"de_DE\" \/>\n<meta property=\"og:type\" content=\"article\" \/>\n<meta property=\"og:title\" content=\"Hausgemachter Schinkenspeck - Gailtaler Bergladen\" \/>\n<meta property=\"og:description\" content=\"Ger\u00e4ucherter Schinkenspeck, gew\u00fcrzt und gep\u00f6kelt nach alter \u00fcberlieferter Rezeptur.\" \/>\n<meta property=\"og:url\" content=\"https:\/\/xn--gailtaleralmkse-dlb.at\/index.php\/product\/hausgemachter-schinkenspeck\/\" \/>\n<meta property=\"og:site_name\" content=\"Gailtaler Bergladen\" \/>\n<meta property=\"article:publisher\" content=\"https:\/\/www.facebook.com\/gailtaleralmkaese\" \/>\n<meta property=\"og:image\" content=\"https:\/\/xn--gailtaleralmkse-dlb.at\/wp-content\/uploads\/2020\/04\/IMG_1150.jpg\" \/>\n\t<meta property=\"og:image:width\" content=\"1499\" \/>\n\t<meta property=\"og:image:height\" content=\"937\" \/>\n\t<meta property=\"og:image:type\" content=\"image\/jpeg\" \/>\n<meta name=\"twitter:card\" content=\"summary_large_image\" \/>\n<meta name=\"twitter:site\" content=\"@FrondellAlm\" \/>\n<meta name=\"twitter:label1\" content=\"Gesch\u00e4tzte Lesezeit\" \/>\n\t<meta name=\"twitter:data1\" content=\"1\u00a0Minute\" \/>\n<script type=\"application\/ld+json\" class=\"yoast-schema-graph\">{\"@context\":\"https:\/\/schema.org\",\"@graph\":[{\"@type\":\"Organization\",\"@id\":\"https:\/\/xn--gailtaleralmkse-dlb.at\/#organization\",\"name\":\"Gailtaler Almk\\u00e4se Onlineshop\",\"url\":\"https:\/\/xn--gailtaleralmkse-dlb.at\/\",\"sameAs\":[\"https:\/\/www.facebook.com\/gailtaleralmkaese\",\"https:\/\/www.instagram.com\/gailtaleralmkaese\/\",\"https:\/\/www.youtube.com\/user\/holtabua\",\"https:\/\/de.wikipedia.org\/wiki\/Straniger_Alm\",\"https:\/\/twitter.com\/FrondellAlm\"],\"logo\":{\"@type\":\"ImageObject\",\"@id\":\"https:\/\/xn--gailtaleralmkse-dlb.at\/#logo\",\"inLanguage\":\"de\",\"url\":\"https:\/\/xn--gailtaleralmkse-dlb.at\/wp-content\/uploads\/2020\/03\/LOGO-Kopie.png\",\"contentUrl\":\"https:\/\/xn--gailtaleralmkse-dlb.at\/wp-content\/uploads\/2020\/03\/LOGO-Kopie.png\",\"width\":2044,\"height\":888,\"caption\":\"Gailtaler Almk\\u00e4se Onlineshop\"},\"image\":{\"@id\":\"https:\/\/xn--gailtaleralmkse-dlb.at\/#logo\"}},{\"@type\":\"WebSite\",\"@id\":\"https:\/\/xn--gailtaleralmkse-dlb.at\/#website\",\"url\":\"https:\/\/xn--gailtaleralmkse-dlb.at\/\",\"name\":\"Gailtaler Almk\\u00e4se Onlineshop\",\"description\":\"Gutes vom Bauern\",\"publisher\":{\"@id\":\"https:\/\/xn--gailtaleralmkse-dlb.at\/#organization\"},\"potentialAction\":[{\"@type\":\"SearchAction\",\"target\":{\"@type\":\"EntryPoint\",\"urlTemplate\":\"https:\/\/xn--gailtaleralmkse-dlb.at\/?s={search_term_string}\"},\"query-input\":\"required name=search_term_string\"}],\"inLanguage\":\"de\"},{\"@type\":\"ImageObject\",\"@id\":\"https:\/\/xn--gailtaleralmkse-dlb.at\/index.php\/product\/hausgemachter-schinkenspeck\/#primaryimage\",\"inLanguage\":\"de\",\"url\":\"https:\/\/xn--gailtaleralmkse-dlb.at\/wp-content\/uploads\/2020\/04\/IMG_1150.jpg\",\"contentUrl\":\"https:\/\/xn--gailtaleralmkse-dlb.at\/wp-content\/uploads\/2020\/04\/IMG_1150.jpg\",\"width\":1499,\"height\":937},{\"@type\":\"WebPage\",\"@id\":\"https:\/\/xn--gailtaleralmkse-dlb.at\/index.php\/product\/hausgemachter-schinkenspeck\/#webpage\",\"url\":\"https:\/\/xn--gailtaleralmkse-dlb.at\/index.php\/product\/hausgemachter-schinkenspeck\/\",\"name\":\"Hausgemachter Schinkenspeck - Gailtaler Bergladen\",\"isPartOf\":{\"@id\":\"https:\/\/xn--gailtaleralmkse-dlb.at\/#website\"},\"primaryImageOfPage\":{\"@id\":\"https:\/\/xn--gailtaleralmkse-dlb.at\/index.php\/product\/hausgemachter-schinkenspeck\/#primaryimage\"},\"datePublished\":\"2020-12-11T16:54:35+00:00\",\"dateModified\":\"2020-12-11T16:54:35+00:00\",\"breadcrumb\":{\"@id\":\"https:\/\/xn--gailtaleralmkse-dlb.at\/index.php\/product\/hausgemachter-schinkenspeck\/#breadcrumb\"},\"inLanguage\":\"de\",\"potentialAction\":[{\"@type\":\"ReadAction\",\"target\":[\"https:\/\/xn--gailtaleralmkse-dlb.at\/index.php\/product\/hausgemachter-schinkenspeck\/\"]}]},{\"@type\":\"BreadcrumbList\",\"@id\":\"https:\/\/xn--gailtaleralmkse-dlb.at\/index.php\/product\/hausgemachter-schinkenspeck\/#breadcrumb\",\"itemListElement\":[{\"@type\":\"ListItem\",\"position\":1,\"name\":\"Home\",\"item\":\"https:\/\/xn--gailtaleralmkse-dlb.at\/\"},{\"@type\":\"ListItem\",\"position\":2,\"name\":\"Shop\",\"item\":\"https:\/\/xn--gailtaleralmkse-dlb.at\/index.php\/shop\/\"},{\"@type\":\"ListItem\",\"position\":3,\"name\":\"Hausgemachter Schinkenspeck\"}]}]}<\/script>\n<!-- \/ Yoast SEO plugin. -->","yoast_head_json":{"title":"Hausgemachter Schinkenspeck - Gailtaler Bergladen","robots":{"index":"index","follow":"follow","max-snippet":"max-snippet:-1","max-image-preview":"max-image-preview:large","max-video-preview":"max-video-preview:-1"},"canonical":"https:\/\/xn--gailtaleralmkse-dlb.at\/index.php\/product\/hausgemachter-schinkenspeck\/","og_locale":"de_DE","og_type":"article","og_title":"Hausgemachter Schinkenspeck - Gailtaler Bergladen","og_description":"Ger\u00e4ucherter Schinkenspeck, gew\u00fcrzt und gep\u00f6kelt nach alter \u00fcberlieferter Rezeptur.","og_url":"https:\/\/xn--gailtaleralmkse-dlb.at\/index.php\/product\/hausgemachter-schinkenspeck\/","og_site_name":"Gailtaler Bergladen","article_publisher":"https:\/\/www.facebook.com\/gailtaleralmkaese","og_image":[{"width":1499,"height":937,"url":"https:\/\/xn--gailtaleralmkse-dlb.at\/wp-content\/uploads\/2020\/04\/IMG_1150.jpg","type":"image\/jpeg"}],"twitter_card":"summary_large_image","twitter_site":"@FrondellAlm","twitter_misc":{"Gesch\u00e4tzte Lesezeit":"1\u00a0Minute"},"schema":{"@context":"https:\/\/schema.org","@graph":[{"@type":"Organization","@id":"https:\/\/xn--gailtaleralmkse-dlb.at\/#organization","name":"Gailtaler Almk\u00e4se Onlineshop","url":"https:\/\/xn--gailtaleralmkse-dlb.at\/","sameAs":["https:\/\/www.facebook.com\/gailtaleralmkaese","https:\/\/www.instagram.com\/gailtaleralmkaese\/","https:\/\/www.youtube.com\/user\/holtabua","https:\/\/de.wikipedia.org\/wiki\/Straniger_Alm","https:\/\/twitter.com\/FrondellAlm"],"logo":{"@type":"ImageObject","@id":"https:\/\/xn--gailtaleralmkse-dlb.at\/#logo","inLanguage":"de","url":"https:\/\/xn--gailtaleralmkse-dlb.at\/wp-content\/uploads\/2020\/03\/LOGO-Kopie.png","contentUrl":"https:\/\/xn--gailtaleralmkse-dlb.at\/wp-content\/uploads\/2020\/03\/LOGO-Kopie.png","width":2044,"height":888,"caption":"Gailtaler Almk\u00e4se Onlineshop"},"image":{"@id":"https:\/\/xn--gailtaleralmkse-dlb.at\/#logo"}},{"@type":"WebSite","@id":"https:\/\/xn--gailtaleralmkse-dlb.at\/#website","url":"https:\/\/xn--gailtaleralmkse-dlb.at\/","name":"Gailtaler Almk\u00e4se Onlineshop","description":"Gutes vom Bauern","publisher":{"@id":"https:\/\/xn--gailtaleralmkse-dlb.at\/#organization"},"potentialAction":[{"@type":"SearchAction","target":{"@type":"EntryPoint","urlTemplate":"https:\/\/xn--gailtaleralmkse-dlb.at\/?s={search_term_string}"},"query-input":"required name=search_term_string"}],"inLanguage":"de"},{"@type":"ImageObject","@id":"https:\/\/xn--gailtaleralmkse-dlb.at\/index.php\/product\/hausgemachter-schinkenspeck\/#primaryimage","inLanguage":"de","url":"https:\/\/xn--gailtaleralmkse-dlb.at\/wp-content\/uploads\/2020\/04\/IMG_1150.jpg","contentUrl":"https:\/\/xn--gailtaleralmkse-dlb.at\/wp-content\/uploads\/2020\/04\/IMG_1150.jpg","width":1499,"height":937},{"@type":"WebPage","@id":"https:\/\/xn--gailtaleralmkse-dlb.at\/index.php\/product\/hausgemachter-schinkenspeck\/#webpage","url":"https:\/\/xn--gailtaleralmkse-dlb.at\/index.php\/product\/hausgemachter-schinkenspeck\/","name":"Hausgemachter Schinkenspeck - Gailtaler Bergladen","isPartOf":{"@id":"https:\/\/xn--gailtaleralmkse-dlb.at\/#website"},"primaryImageOfPage":{"@id":"https:\/\/xn--gailtaleralmkse-dlb.at\/index.php\/product\/hausgemachter-schinkenspeck\/#primaryimage"},"datePublished":"2020-12-11T16:54:35+00:00","dateModified":"2020-12-11T16:54:35+00:00","breadcrumb":{"@id":"https:\/\/xn--gailtaleralmkse-dlb.at\/index.php\/product\/hausgemachter-schinkenspeck\/#breadcrumb"},"inLanguage":"de","potentialAction":[{"@type":"ReadAction","target":["https:\/\/xn--gailtaleralmkse-dlb.at\/index.php\/product\/hausgemachter-schinkenspeck\/"]}]},{"@type":"BreadcrumbList","@id":"https:\/\/xn--gailtaleralmkse-dlb.at\/index.php\/product\/hausgemachter-schinkenspeck\/#breadcrumb","itemListElement":[{"@type":"ListItem","position":1,"name":"Home","item":"https:\/\/xn--gailtaleralmkse-dlb.at\/"},{"@type":"ListItem","position":2,"name":"Shop","item":"https:\/\/xn--gailtaleralmkse-dlb.at\/index.php\/shop\/"},{"@type":"ListItem","position":3,"name":"Hausgemachter Schinkenspeck"}]}]}},"_links":{"self":[{"href":"https:\/\/xn--gailtaleralmkse-dlb.at\/index.php\/wp-json\/wp\/v2\/product\/263"}],"collection":[{"href":"https:\/\/xn--gailtaleralmkse-dlb.at\/index.php\/wp-json\/wp\/v2\/product"}],"about":[{"href":"https:\/\/xn--gailtaleralmkse-dlb.at\/index.php\/wp-json\/wp\/v2\/types\/product"}],"replies":[{"embeddable":true,"href":"https:\/\/xn--gailtaleralmkse-dlb.at\/index.php\/wp-json\/wp\/v2\/comments?post=263"}],"wp:featuredmedia":[{"embeddable":true,"href":"https:\/\/xn--gailtaleralmkse-dlb.at\/index.php\/wp-json\/wp\/v2\/media\/264"}],"wp:attachment":[{"href":"https:\/\/xn--gailtaleralmkse-dlb.at\/index.php\/wp-json\/wp\/v2\/media?parent=263"}],"wp:term":[{"taxonomy":"product_cat","embeddable":true,"href":"https:\/\/xn--gailtaleralmkse-dlb.at\/index.php\/wp-json\/wp\/v2\/product_cat?post=263"},{"taxonomy":"product_tag","embeddable":true,"href":"https:\/\/xn--gailtaleralmkse-dlb.at\/index.php\/wp-json\/wp\/v2\/product_tag?post=263"}],"curies":[{"name":"wp","href":"https:\/\/api.w.org\/{rel}","templated":true}]}}